{"id":5076,"date":"2021-05-27T13:10:07","date_gmt":"2021-05-27T13:10:07","guid":{"rendered":"https:\/\/lmevents.groupe-aplus.fr\/?page_id=5076"},"modified":"2021-06-23T07:23:34","modified_gmt":"2021-06-23T07:23:34","slug":"location-son-lumieres-et-materiel-ile-de-france","status":"publish","type":"page","link":"https:\/\/lm-vexin.fr\/index.php\/location-son-lumieres-et-materiel-ile-de-france\/","title":{"rendered":"Image \/ Son &#038; Lumi\u00e8re \/ Mat\u00e9riel de sc\u00e8ne"},"content":{"rendered":"<div class=\"wpb-content-wrapper\"><p>[vc_row tm_bgimagefixed=\u00a0\u00bb\u00a0\u00bb full_width=\u00a0\u00bbstretch_row\u00a0\u00bb css=\u00a0\u00bb.vc_custom_1622534576681{margin-bottom: 0px !important;background-color: #ffffff !important;}\u00a0\u00bb][vc_column]<div class=\"tm-element-heading-wrapper tm-heading-inner tm-element-align-center tm-seperator-none tm-heading-style-vertical tm-overlay-subheading\"><section class=\"tm-vc_cta3-container\"><div class=\"tm-vc_general tm-vc_cta3 tm-cta3-only tm-vc_cta3-style-classic tm-vc_cta3-shape-rounded tm-vc_cta3-align-center tm-vc_cta3-color-transparent tm-vc_cta3-icon-size-md tm-vc_cta3-actions-no tm-cta3-without-desc\"><div class=\"tm-vc_cta3_content-container\"><div class=\"tm-vc_cta3-content\"><header class=\"tm-vc_cta3-content-header tm-wrap\"><div class=\"tm-vc_cta3-headers tm-wrap-cell\"><h4 class=\"tm-custom-heading \" >Image, Son, Lumi\u00e8re et Mat\u00e9riel<\/h4>\n<h2 class=\"tm-custom-heading \" >Image, Son, Lumi\u00e8re et Mat\u00e9riel de sc\u00e8ne<\/h2>\n<\/div><div class=\"heading-seperator\"><span><\/span><\/div><\/header><\/div><\/div><\/div><\/section><\/div> <!-- .tm-element-heading-wrapper container --> [vc_column_text]<\/p>\n<h5 style=\"text-align: center;\">Un \u00e9v\u00e9nement r\u00e9ussi, c&rsquo;est un \u00e9v\u00e9nement \u00e9quip\u00e9 !<\/h5>\n<h5 style=\"text-align: center;\">LM Events se charge de vous louer tout type de mat\u00e9riel partout dans le Vexin et le Val d&rsquo;Oise selon vos besoins et lieux de r\u00e9ception&#8230;<\/h5>\n<p>[\/vc_column_text][\/vc_column][\/vc_row][vc_row tm_bgcolor=\u00a0\u00bbdarkgrey\u00a0\u00bb tm_bgimage_position=\u00a0\u00bbcenter_top\u00a0\u00bb tm_bgimagefixed=\u00a0\u00bb\u00a0\u00bb full_width=\u00a0\u00bbstretch_row\u00a0\u00bb css=\u00a0\u00bb.vc_custom_1622535493159{margin-top: 0px !important;padding-top: 40px !important;padding-bottom: 40px !important;}\u00a0\u00bb el_id=\u00a0\u00bbfonctionnement\u00a0\u00bb][vc_column]<div class=\"tm-element-heading-wrapper tm-heading-inner tm-element-align-center tm-seperator-none tm-heading-style-vertical tm-overlay-subheading\"><section class=\"tm-vc_cta3-container\"><div class=\"tm-vc_general tm-vc_cta3 tm-cta3-only tm-vc_cta3-style-classic tm-vc_cta3-shape-rounded tm-vc_cta3-align-center tm-vc_cta3-color-transparent tm-vc_cta3-icon-size-md tm-vc_cta3-actions-no tm-cta3-with-desc\"><div class=\"tm-vc_cta3_content-container\"><div class=\"tm-vc_cta3-content\"><header class=\"tm-vc_cta3-content-header tm-wrap\"><div class=\"tm-vc_cta3-headers tm-wrap-cell\"><h4 class=\"tm-custom-heading \" >Fonctionnement<\/h4>\n<h2 class=\"tm-custom-heading \" >Pour commander et r\u00e9server votre mat\u00e9riel, c'est tr\u00e8s simple !<\/h2>\n<\/div><div class=\"heading-seperator\"><span><\/span><\/div><\/header><div class=\"tm-cta3-content-wrapper\"><p>Il vous suffit de suivre nos 3 \u00e9tapes<\/p><\/div><\/div><\/div><\/div><\/section><\/div> <!-- .tm-element-heading-wrapper container --> [vc_row_inner css=\u00a0\u00bb.vc_custom_1538472320857{padding-top: 22px !important;}\u00a0\u00bb][vc_column_inner width=\u00a0\u00bb1\/3&Prime;]<div class=\"tm-vc_icon_element tm-vc_icon_element-outer tm-vc_icon_element-align-center  tm-vc_icon_element-have-style ttm-skin-outline-border\"><div class=\"tm-vc_icon_element-inner  tm-vc_icon_element-have-style-inner tm-vc_icon_element-color-white tm-vc_icon_element-size-xl tm-vc_icon_element-style-rounded tm-vc_icon_element-background tm-vc_icon_element-background-color-skincolor\" ><span class=\"tm-vc_icon_element-icon themifyicon ti-hand-point-up\" ><\/span><\/div><\/div><h2 style=\"text-align:center;font-size:20px;line-height:30px;\" class=\"tm-custom-heading vc_custom_1622452133675\" >Je choisis et s\u00e9lectionne<br \/>\nmon mat\u00e9riel<\/h2>\n[\/vc_column_inner][vc_column_inner width=\u00a0\u00bb1\/3&Prime;]<div class=\"tm-vc_icon_element tm-vc_icon_element-outer tm-vc_icon_element-align-center  tm-vc_icon_element-have-style ttm-skin-outline-border\"><div class=\"tm-vc_icon_element-inner  tm-vc_icon_element-have-style-inner tm-vc_icon_element-color-white tm-vc_icon_element-size-xl tm-vc_icon_element-style-rounded tm-vc_icon_element-background tm-vc_icon_element-background-color-skincolor\" ><span class=\"tm-vc_icon_element-icon themifyicon ti-check-box\" ><\/span><\/div><\/div><h2 style=\"text-align:center;font-size:20px;line-height:30px;\" class=\"tm-custom-heading vc_custom_1622452174599\" >Je remplis le formulaire<br \/>\navec mes informations<\/h2>\n[\/vc_column_inner][vc_column_inner width=\u00a0\u00bb1\/3&Prime;]<div class=\"tm-vc_icon_element tm-vc_icon_element-outer tm-vc_icon_element-align-center  tm-vc_icon_element-have-style ttm-skin-outline-border\"><div class=\"tm-vc_icon_element-inner  tm-vc_icon_element-have-style-inner tm-vc_icon_element-color-white tm-vc_icon_element-size-xl tm-vc_icon_element-style-rounded tm-vc_icon_element-background tm-vc_icon_element-background-color-skincolor\" ><span class=\"tm-vc_icon_element-icon themifyicon ti-pencil-alt\" ><\/span><\/div><\/div><h2 style=\"text-align:center;font-size:20px;line-height:30px;\" class=\"tm-custom-heading vc_custom_1622452793308\" >Je re\u00e7ois mon devis<br \/>\net le valide<\/h2>\n[\/vc_column_inner][\/vc_row_inner][vc_row_inner css=\u00a0\u00bb.vc_custom_1536128244322{padding-top: 50px !important;}\u00a0\u00bb el_class=\u00a0\u00bbtm-reset-button-center-767&Prime;][vc_column_inner width=\u00a0\u00bb1\/2&Prime;]\n\t\t<div class=\"tm-vc_btn3-container tm-vc_btn3-right\"><a class=\"tm-vc_general tm-vc_btn3 tm-vc_btn3-size-md tm-vc_btn3-shape-rounded tm-vc_btn3-style-flat tm-vc_btn3-weight-no tm-vc_btn3-color-skincolor\" href=\"https:\/\/lm-vexin.fr\/index.php\/services\/\" title=\"Services \u00e9v\u00e9nementiels dans toute l\u2019Ile de France\">D\u00e9couvrez nos services<\/a><\/div>[\/vc_column_inner][vc_column_inner width=\u00a0\u00bb1\/2&Prime;]\n\t\t<div class=\"tm-vc_btn3-container tm-vc_btn3-left\"><a class=\"tm-vc_general tm-vc_btn3 tm-vc_btn3-size-md tm-vc_btn3-shape-rounded tm-vc_btn3-style-flat tm-vc_btn3-weight-no tm-vc_btn3-color-skincolor\" href=\"https:\/\/lm-vexin.fr\/index.php\/estimez-votre-evenement-en-quelques-clics-seulement\/\" title=\"Estimez votre \u00e9v\u00e9nement en quelques clics seulement !\">Formulaire d'organisation d'\u00e9v\u00e9nement<\/a><\/div>[\/vc_column_inner][\/vc_row_inner][\/vc_column][\/vc_row][vc_row][vc_column][vc_tta_tabs alignment=\u00a0\u00bbcenter\u00a0\u00bb active_section=\u00a0\u00bb1&Prime; el_class=\u00a0\u00bbttm-tabstyle-one tm-fluid-menu\u00a0\u00bb][vc_tta_section title=\u00a0\u00bbImage \/ Son et Lumi\u00e8re\u00a0\u00bb tab_id=\u00a0\u00bb1622115416892-2f7fd0b8-13179712-9757&Prime;][vc_row_inner][vc_column_inner width=\u00a0\u00bb1\/2&Prime;][vc_single_image image=\u00a0\u00bb5081&Prime; img_size=\u00a0\u00bbfull\u00a0\u00bb][\/vc_column_inner][vc_column_inner width=\u00a0\u00bb1\/2&Prime;]<h4 style=\"text-align:left;font-size:24px;line-height:34px;font-family:'Roboto',Arial,Helvetica;font-weight:700;\" class=\"tm-custom-heading \" >IMAGE \/ SON, LUMI\u00c8RE<\/h4>\n[vc_column_text]En tant qu&rsquo;ancien professionnel du monde artistique, nous avons un large r\u00e9seau de partenaires vous proposant toutes sortes d&rsquo;\u00e9quipements et de shows musicaux afin de compl\u00e9ter votre r\u00e9ception; nous adaptons nos prestations \u00e0 vos besoins en son et musique; nous pouvons vous fournir des groupes musicaux jouant en live avec formation de 4 \u00e0 8 musiciens pouvant reprendre des standards d&rsquo;hier \u00e0 aujourd&rsquo;hui en passant par la funk, la feria, le gypse etc&#8230;[\/vc_column_text]\n\t\t<div class=\"tm-vc_btn3-container tm-vc_btn3-inline\"><a class=\"tm-vc_general tm-vc_btn3 tm-vc_btn3-size-sm tm-vc_btn3-shape-square tm-vc_btn3-style-flat tm-vc_btn3-weight-yes tm-vc_btn3-icon-left tm-vc_btn3-color-skincolor\" href=\"https:\/\/lm-vexin.fr\/index.php\/contact-us\/\" title=\"Contactez-nous\"><i class=\"tm-vc_btn3-icon fa fa-paper-plane-o\"><\/i> Contactez-nous pour plus d'informations !<\/a><\/div>[\/vc_column_inner][\/vc_row_inner][\/vc_tta_section][vc_tta_section title=\u00a0\u00bbMat\u00e9riel\u00a0\u00bb tab_id=\u00a0\u00bb1622115416909-2614bfb6-30b09712-9757&Prime;][vc_row_inner][vc_column_inner width=\u00a0\u00bb1\/2&Prime;]<h4 style=\"text-align:left;font-size:24px;line-height:34px;font-family:'Roboto',Arial,Helvetica;font-weight:700;\" class=\"tm-custom-heading \" >LOCATION DE MAT\u00c9RIEL<\/h4>\n[vc_column_text]Nous vous proposons du mat\u00e9riel professionnel install\u00e9 et retir\u00e9 par nos \u00e9quipes partenaires : r\u00e9troprojecteurs, \u00e9cran, sc\u00e8ne sur mesure, laser, lights, machine \u00e0 fum\u00e9e etc&#8230;[\/vc_column_text]\n\t\t<div class=\"tm-vc_btn3-container tm-vc_btn3-inline\"><a class=\"tm-vc_general tm-vc_btn3 tm-vc_btn3-size-sm tm-vc_btn3-shape-square tm-vc_btn3-style-flat tm-vc_btn3-weight-yes tm-vc_btn3-icon-left tm-vc_btn3-color-skincolor\" href=\"https:\/\/lm-vexin.fr\/index.php\/contact-us\/\" title=\"Contactez-nous\"><i class=\"tm-vc_btn3-icon fa fa-paper-plane-o\"><\/i> Contactez-nous pour plus d'informations !<\/a><\/div>[\/vc_column_inner][vc_column_inner width=\u00a0\u00bb1\/2&Prime;][vc_single_image image=\u00a0\u00bb5082&Prime; img_size=\u00a0\u00bbfull\u00a0\u00bb][\/vc_column_inner][\/vc_row_inner][\/vc_tta_section][\/vc_tta_tabs][\/vc_column][\/vc_row][vc_row tm_bgcolor=\u00a0\u00bbwhite\u00a0\u00bb tm_bgimagefixed=\u00a0\u00bb\u00a0\u00bb full_width=\u00a0\u00bbstretch_row_content\u00a0\u00bb css=\u00a0\u00bb.vc_custom_1622116477563{padding-top: 30px !important;padding-bottom: 0px !important;}\u00a0\u00bb][vc_column tm_bgcolor=\u00a0\u00bbwhite\u00a0\u00bb]<h3 style=\"text-align:center;font-size:45px;line-height:45px;\" class=\"tm-custom-heading vc_custom_1622121308338\" >Nos services pour un \u00e9v\u00e9nement de qualit\u00e9<\/h3>\n[vc_zigzag color=\u00a0\u00bbblack\u00a0\u00bb el_width=\u00a0\u00bb30&Prime; css=\u00a0\u00bb.vc_custom_1622116490193{margin-bottom: 30px !important;padding-right: 5px !important;padding-left: 5px !important;}\u00a0\u00bb][\/vc_column][\/vc_row][vc_row tm_bgcolor=\u00a0\u00bbwhite\u00a0\u00bb tm_bgimagefixed=\u00a0\u00bb\u00a0\u00bb full_width=\u00a0\u00bbstretch_row\u00a0\u00bb css=\u00a0\u00bb.vc_custom_1622116455863{margin-top: 0px !important;padding-top: 30px !important;padding-bottom: 30px !important;background-color: #ffffff !important;}\u00a0\u00bb][vc_column width=\u00a0\u00bb1\/2&Prime;]<ul class=\"tm-list tm-list-style-icon tm-list-icon-color-skincolor tm- tm-icon-skincolor tm-list-textsize- tm-list-icon-library-fontawesome\"><li><i class=\"tm-skincolor fa fa-check\"><\/i>  <span class=\"tm-list-li-content\">Mat\u00e9riel haut de gamme<\/span><\/li><li><i class=\"tm-skincolor fa fa-check\"><\/i>  <span class=\"tm-list-li-content\">Equipe professionnelle pour montage et d\u00e9montage<\/span><\/li><\/ul>[\/vc_column][vc_column width=\u00a0\u00bb1\/2&Prime;]<ul class=\"tm-list tm-list-style-icon tm-list-icon-color-skincolor tm- tm-icon-skincolor tm-list-textsize- tm-list-icon-library-fontawesome\"><li><i class=\"tm-skincolor fa fa-check\"><\/i>  <span class=\"tm-list-li-content\">Mat\u00e9riel professionnel<\/span><\/li><li><i class=\"tm-skincolor fa fa-check\"><\/i>  <span class=\"tm-list-li-content\">Musiciens et chanteurs reconnus<\/span><\/li><\/ul>[\/vc_column][\/vc_row][vc_row tm_bgcolor=\u00a0\u00bbskincolor\u00a0\u00bb tm_bgimagefixed=\u00a0\u00bb\u00a0\u00bb full_width=\u00a0\u00bbstretch_row\u00a0\u00bb][vc_column]<h5 style=\"text-align:center;font-size:45px;line-height:45px;\" class=\"tm-custom-heading vc_custom_1622116104404\" >Notre \u00e9quipe r\u00e9pond \u00e0 vos questions<\/h5>\n[vc_zigzag color=\u00a0\u00bbwhite\u00a0\u00bb el_width=\u00a0\u00bb60&Prime; css=\u00a0\u00bb.vc_custom_1622116096846{margin-bottom: 30px !important;padding-right: 5px !important;padding-left: 5px !important;}\u00a0\u00bb][vc_tta_accordion color=\u00a0\u00bbskincolor\u00a0\u00bb gap=\u00a0\u00bb5&Prime; active_section=\u00a0\u00bb5&Prime;][vc_tta_section title=\u00a0\u00bbNotre salle de r\u00e9ception est trop fade et manque de lumi\u00e8re que pouvons nous faire ?\u00a0\u00bb tab_id=\u00a0\u00bb1539845763408-c1c719c9-cbe4b7ed-33689712-9757&Prime;][vc_column_text]Nous allons \u00e2pres avoir pris connaissance des lieux vous proposer des n\u00e9ons, spots ou autres types d\u2019\u00e9clairage permettant de valoriser votre espace[\/vc_column_text][\/vc_tta_section][vc_tta_section title=\u00a0\u00bbNous recherchons un style bien pr\u00e9cis de musiciens et chanteurs ?\u00a0\u00bb tab_id=\u00a0\u00bb1539845872778-311cebec-af9fb7ed-33689712-9757&Prime;][vc_column_text]Quelque soit vos attentes musicales nous serons vous proposer les musiciens et chanteurs correspondant[\/vc_column_text][\/vc_tta_section][\/vc_tta_accordion][\/vc_column][\/vc_row]<\/p>\n<\/div>","protected":false},"excerpt":{"rendered":"<p>[vc_row tm_bgimagefixed=\u00a0\u00bb\u00a0\u00bb full_width=\u00a0\u00bbstretch_row\u00a0\u00bb css=\u00a0\u00bb.vc_custom_1622534576681{margin-bottom: 0px !important;background-color: #ffffff !important;}\u00a0\u00bb][vc_column][vc_column_text] Un \u00e9v\u00e9nement r\u00e9ussi, c&rsquo;est un \u00e9v\u00e9nement \u00e9quip\u00e9 ! LM Events se charge de vous louer tout type de mat\u00e9riel partout dans le &hellip; <a href=\"https:\/\/lm-vexin.fr\/index.php\/location-son-lumieres-et-materiel-ile-de-france\/\" class=\"more-link\">Continue reading <span class=\"screen-reader-text\">Image \/ Son &#038; Lumi\u00e8re \/ Mat\u00e9riel de sc\u00e8ne<\/span><\/a><\/p>\n","protected":false},"author":2,"featured_media":0,"parent":0,"menu_order":0,"comment_status":"closed","ping_status":"closed","template":"","meta":{"footnotes":""},"class_list":["post-5076","page","type-page","status-publish","hentry"],"yoast_head":"<!-- This site is optimized with the Yoast SEO plugin v25.9 - https:\/\/yoast.com\/wordpress\/plugins\/seo\/ -->\n<title>Image \/ Son &amp; Lumi\u00e8re \/ Mat\u00e9riel de sc\u00e8ne - LM VEXIN - Organisation d&#039;\u00e9v\u00e9nement<\/title>\n<meta name=\"robots\" content=\"index, follow, max-snippet:-1, max-image-preview:large, max-video-preview:-1\" \/>\n<link rel=\"canonical\" href=\"https:\/\/lm-vexin.fr\/index.php\/location-son-lumieres-et-materiel-ile-de-france\/\" \/>\n<meta property=\"og:locale\" content=\"fr_FR\" \/>\n<meta property=\"og:type\" content=\"article\" \/>\n<meta property=\"og:title\" content=\"Image \/ Son &amp; Lumi\u00e8re \/ Mat\u00e9riel de sc\u00e8ne - LM VEXIN - Organisation d&#039;\u00e9v\u00e9nement\" \/>\n<meta property=\"og:description\" content=\"[vc_row tm_bgimagefixed=\u00a0\u00bb\u00a0\u00bb full_width=\u00a0\u00bbstretch_row\u00a0\u00bb css=\u00a0\u00bb.vc_custom_1622534576681{margin-bottom: 0px !important;background-color: #ffffff !important;}\u00a0\u00bb][vc_column][vc_column_text] Un \u00e9v\u00e9nement r\u00e9ussi, c&rsquo;est un \u00e9v\u00e9nement \u00e9quip\u00e9 ! LM Events se charge de vous louer tout type de mat\u00e9riel partout dans le &hellip; Continue reading Image \/ Son &#038; Lumi\u00e8re \/ Mat\u00e9riel de sc\u00e8ne\" \/>\n<meta property=\"og:url\" content=\"https:\/\/lm-vexin.fr\/index.php\/location-son-lumieres-et-materiel-ile-de-france\/\" \/>\n<meta property=\"og:site_name\" content=\"LM VEXIN - Organisation d&#039;\u00e9v\u00e9nement\" \/>\n<meta property=\"article:modified_time\" content=\"2021-06-23T07:23:34+00:00\" \/>\n<meta name=\"twitter:card\" content=\"summary_large_image\" \/>\n<meta name=\"twitter:label1\" content=\"Dur\u00e9e de lecture estim\u00e9e\" \/>\n\t<meta name=\"twitter:data1\" content=\"6 minutes\" \/>\n<script type=\"application\/ld+json\" class=\"yoast-schema-graph\">{\"@context\":\"https:\/\/schema.org\",\"@graph\":[{\"@type\":\"WebPage\",\"@id\":\"https:\/\/lm-vexin.fr\/index.php\/location-son-lumieres-et-materiel-ile-de-france\/\",\"url\":\"https:\/\/lm-vexin.fr\/index.php\/location-son-lumieres-et-materiel-ile-de-france\/\",\"name\":\"Image \/ Son & Lumi\u00e8re \/ Mat\u00e9riel de sc\u00e8ne - LM VEXIN - Organisation d&#039;\u00e9v\u00e9nement\",\"isPartOf\":{\"@id\":\"https:\/\/lm-vexin.fr\/#website\"},\"datePublished\":\"2021-05-27T13:10:07+00:00\",\"dateModified\":\"2021-06-23T07:23:34+00:00\",\"breadcrumb\":{\"@id\":\"https:\/\/lm-vexin.fr\/index.php\/location-son-lumieres-et-materiel-ile-de-france\/#breadcrumb\"},\"inLanguage\":\"fr-FR\",\"potentialAction\":[{\"@type\":\"ReadAction\",\"target\":[\"https:\/\/lm-vexin.fr\/index.php\/location-son-lumieres-et-materiel-ile-de-france\/\"]}]},{\"@type\":\"BreadcrumbList\",\"@id\":\"https:\/\/lm-vexin.fr\/index.php\/location-son-lumieres-et-materiel-ile-de-france\/#breadcrumb\",\"itemListElement\":[{\"@type\":\"ListItem\",\"position\":1,\"name\":\"Home\",\"item\":\"https:\/\/lm-vexin.fr\/\"},{\"@type\":\"ListItem\",\"position\":2,\"name\":\"Image \/ Son &#038; Lumi\u00e8re \/ Mat\u00e9riel de sc\u00e8ne\"}]},{\"@type\":\"WebSite\",\"@id\":\"https:\/\/lm-vexin.fr\/#website\",\"url\":\"https:\/\/lm-vexin.fr\/\",\"name\":\"LM VEXIN - Organisation d&#039;\u00e9v\u00e9nement\",\"description\":\"VOTRE PARTENAIRE \u00c9V\u00c9NEMENT DE A \u00c0 Z\",\"publisher\":{\"@id\":\"https:\/\/lm-vexin.fr\/#organization\"},\"potentialAction\":[{\"@type\":\"SearchAction\",\"target\":{\"@type\":\"EntryPoint\",\"urlTemplate\":\"https:\/\/lm-vexin.fr\/?s={search_term_string}\"},\"query-input\":{\"@type\":\"PropertyValueSpecification\",\"valueRequired\":true,\"valueName\":\"search_term_string\"}}],\"inLanguage\":\"fr-FR\"},{\"@type\":\"Organization\",\"@id\":\"https:\/\/lm-vexin.fr\/#organization\",\"name\":\"LM VEXIN PARIS\",\"url\":\"https:\/\/lm-vexin.fr\/\",\"logo\":{\"@type\":\"ImageObject\",\"inLanguage\":\"fr-FR\",\"@id\":\"https:\/\/lm-vexin.fr\/#\/schema\/logo\/image\/\",\"url\":\"https:\/\/lm-vexin.fr\/wp-content\/uploads\/2021\/06\/LOGO-WEB-LM-EVENTS-1.png\",\"contentUrl\":\"https:\/\/lm-vexin.fr\/wp-content\/uploads\/2021\/06\/LOGO-WEB-LM-EVENTS-1.png\",\"width\":294,\"height\":85,\"caption\":\"LM VEXIN PARIS\"},\"image\":{\"@id\":\"https:\/\/lm-vexin.fr\/#\/schema\/logo\/image\/\"}}]}<\/script>\n<!-- \/ Yoast SEO plugin. -->","yoast_head_json":{"title":"Image \/ Son & Lumi\u00e8re \/ Mat\u00e9riel de sc\u00e8ne - LM VEXIN - Organisation d&#039;\u00e9v\u00e9nement","robots":{"index":"index","follow":"follow","max-snippet":"max-snippet:-1","max-image-preview":"max-image-preview:large","max-video-preview":"max-video-preview:-1"},"canonical":"https:\/\/lm-vexin.fr\/index.php\/location-son-lumieres-et-materiel-ile-de-france\/","og_locale":"fr_FR","og_type":"article","og_title":"Image \/ Son & Lumi\u00e8re \/ Mat\u00e9riel de sc\u00e8ne - LM VEXIN - Organisation d&#039;\u00e9v\u00e9nement","og_description":"[vc_row tm_bgimagefixed=\u00a0\u00bb\u00a0\u00bb full_width=\u00a0\u00bbstretch_row\u00a0\u00bb css=\u00a0\u00bb.vc_custom_1622534576681{margin-bottom: 0px !important;background-color: #ffffff !important;}\u00a0\u00bb][vc_column][vc_column_text] Un \u00e9v\u00e9nement r\u00e9ussi, c&rsquo;est un \u00e9v\u00e9nement \u00e9quip\u00e9 ! LM Events se charge de vous louer tout type de mat\u00e9riel partout dans le &hellip; Continue reading Image \/ Son &#038; Lumi\u00e8re \/ Mat\u00e9riel de sc\u00e8ne","og_url":"https:\/\/lm-vexin.fr\/index.php\/location-son-lumieres-et-materiel-ile-de-france\/","og_site_name":"LM VEXIN - Organisation d&#039;\u00e9v\u00e9nement","article_modified_time":"2021-06-23T07:23:34+00:00","twitter_card":"summary_large_image","twitter_misc":{"Dur\u00e9e de lecture estim\u00e9e":"6 minutes"},"schema":{"@context":"https:\/\/schema.org","@graph":[{"@type":"WebPage","@id":"https:\/\/lm-vexin.fr\/index.php\/location-son-lumieres-et-materiel-ile-de-france\/","url":"https:\/\/lm-vexin.fr\/index.php\/location-son-lumieres-et-materiel-ile-de-france\/","name":"Image \/ Son & Lumi\u00e8re \/ Mat\u00e9riel de sc\u00e8ne - LM VEXIN - Organisation d&#039;\u00e9v\u00e9nement","isPartOf":{"@id":"https:\/\/lm-vexin.fr\/#website"},"datePublished":"2021-05-27T13:10:07+00:00","dateModified":"2021-06-23T07:23:34+00:00","breadcrumb":{"@id":"https:\/\/lm-vexin.fr\/index.php\/location-son-lumieres-et-materiel-ile-de-france\/#breadcrumb"},"inLanguage":"fr-FR","potentialAction":[{"@type":"ReadAction","target":["https:\/\/lm-vexin.fr\/index.php\/location-son-lumieres-et-materiel-ile-de-france\/"]}]},{"@type":"BreadcrumbList","@id":"https:\/\/lm-vexin.fr\/index.php\/location-son-lumieres-et-materiel-ile-de-france\/#breadcrumb","itemListElement":[{"@type":"ListItem","position":1,"name":"Home","item":"https:\/\/lm-vexin.fr\/"},{"@type":"ListItem","position":2,"name":"Image \/ Son &#038; Lumi\u00e8re \/ Mat\u00e9riel de sc\u00e8ne"}]},{"@type":"WebSite","@id":"https:\/\/lm-vexin.fr\/#website","url":"https:\/\/lm-vexin.fr\/","name":"LM VEXIN - Organisation d&#039;\u00e9v\u00e9nement","description":"VOTRE PARTENAIRE \u00c9V\u00c9NEMENT DE A \u00c0 Z","publisher":{"@id":"https:\/\/lm-vexin.fr\/#organization"},"potentialAction":[{"@type":"SearchAction","target":{"@type":"EntryPoint","urlTemplate":"https:\/\/lm-vexin.fr\/?s={search_term_string}"},"query-input":{"@type":"PropertyValueSpecification","valueRequired":true,"valueName":"search_term_string"}}],"inLanguage":"fr-FR"},{"@type":"Organization","@id":"https:\/\/lm-vexin.fr\/#organization","name":"LM VEXIN PARIS","url":"https:\/\/lm-vexin.fr\/","logo":{"@type":"ImageObject","inLanguage":"fr-FR","@id":"https:\/\/lm-vexin.fr\/#\/schema\/logo\/image\/","url":"https:\/\/lm-vexin.fr\/wp-content\/uploads\/2021\/06\/LOGO-WEB-LM-EVENTS-1.png","contentUrl":"https:\/\/lm-vexin.fr\/wp-content\/uploads\/2021\/06\/LOGO-WEB-LM-EVENTS-1.png","width":294,"height":85,"caption":"LM VEXIN PARIS"},"image":{"@id":"https:\/\/lm-vexin.fr\/#\/schema\/logo\/image\/"}}]}},"_links":{"self":[{"href":"https:\/\/lm-vexin.fr\/index.php\/wp-json\/wp\/v2\/pages\/5076","targetHints":{"allow":["GET"]}}],"collection":[{"href":"https:\/\/lm-vexin.fr\/index.php\/wp-json\/wp\/v2\/pages"}],"about":[{"href":"https:\/\/lm-vexin.fr\/index.php\/wp-json\/wp\/v2\/types\/page"}],"author":[{"embeddable":true,"href":"https:\/\/lm-vexin.fr\/index.php\/wp-json\/wp\/v2\/users\/2"}],"replies":[{"embeddable":true,"href":"https:\/\/lm-vexin.fr\/index.php\/wp-json\/wp\/v2\/comments?post=5076"}],"version-history":[{"count":21,"href":"https:\/\/lm-vexin.fr\/index.php\/wp-json\/wp\/v2\/pages\/5076\/revisions"}],"predecessor-version":[{"id":5637,"href":"https:\/\/lm-vexin.fr\/index.php\/wp-json\/wp\/v2\/pages\/5076\/revisions\/5637"}],"wp:attachment":[{"href":"https:\/\/lm-vexin.fr\/index.php\/wp-json\/wp\/v2\/media?parent=5076"}],"curies":[{"name":"wp","href":"https:\/\/api.w.org\/{rel}","templated":true}]}}